{"id":183,"date":"2019-03-25T09:16:34","date_gmt":"2019-03-25T12:16:34","guid":{"rendered":"https:\/\/www.lai.pe.gov.br\/adagro\/?page_id=183"},"modified":"2025-04-03T09:13:34","modified_gmt":"2025-04-03T12:13:34","slug":"perguntas-frequentes","status":"publish","type":"page","link":"https:\/\/www.lai.pe.gov.br\/adagro\/perguntas-frequentes\/","title":{"rendered":"Perguntas Frequentes"},"content":{"rendered":"\n<div id=\"kt-info-box_36c228-f9\" class=\"wp-block-kadence-infobox\"><a class=\"kt-blocks-info-box-link-wrap kt-blocks-info-box-media-align-left kt-info-halign-left\"><div class=\"kt-blocks-info-box-media-container\"><div class=\"kt-blocks-info-box-media kt-info-media-animate-flip\"><div class=\"kadence-info-box-icon-container kt-info-icon-animate-flip\"><div class=\"kadence-info-box-icon-inner-container\"><span style=\"justify-content:center;align-items:center\" class=\"kt-info-svg-icon kt-info-svg-icon-fas_info\"><svg viewbox=\"0 0 192 512\" height=\"50\" width=\"50\" xmlns=\"http:\/\/www.w3.org\/2000\/svg\"><path d=\"M20 424.229h20V279.771H20c-11.046 0-20-8.954-20-20V212c0-11.046 8.954-20 20-20h112c11.046 0 20 8.954 20 20v212.229h20c11.046 0 20 8.954 20 20V492c0 11.046-8.954 20-20 20H20c-11.046 0-20-8.954-20-20v-47.771c0-11.046 8.954-20 20-20zM96 0C56.235 0 24 32.235 24 72s32.235 72 72 72 72-32.235 72-72S135.764 0 96 0z\"><\/path><\/svg><\/span><span style=\"justify-content:center;align-items:center\" class=\"kt-info-svg-icon-flip kt-info-svg-icon-ic_info\"><svg viewbox=\"0 0 8 8\" height=\"50\" width=\"50\" xmlns=\"http:\/\/www.w3.org\/2000\/svg\"><path d=\"M3 0c-.55 0-1 .45-1 1s.45 1 1 1 1-.45 1-1-.45-1-1-1zm-1.5 2.5c-.83 0-1.5.67-1.5 1.5h1c0-.28.22-.5.5-.5s.5.22.5.5-1 1.64-1 2.5c0 .86.67 1.5 1.5 1.5s1.5-.67 1.5-1.5h-1c0 .28-.22.5-.5.5s-.5-.22-.5-.5c0-.36 1-1.84 1-2.5 0-.81-.67-1.5-1.5-1.5z\"><\/path><\/svg><\/span><\/div><\/div><\/div><\/div><div class=\"kt-infobox-textcontent\"><h2 class=\"kt-blocks-info-box-title\">O que h\u00e1 nesta p\u00e1gina!<\/h2><p class=\"kt-blocks-info-box-text\">Nesta se\u00e7\u00e3o s\u00e3o divulgadas as perguntas frequentes sobre o \u00f3rg\u00e3o\/entidade e as a\u00e7\u00f5es no \u00e2mbito de sua compet\u00eancia.<\/p><\/div><\/a><\/div>\n\n\n\n<div class=\"wp-block-advgb-accordions advgb-accordion-wrapper\">\n<div class=\"wp-block-advgb-accordion-item advgb-accordion-item\" style=\"margin-bottom:15px\"><div class=\"advgb-accordion-header\" style=\"background-color:#4a6795;color:#eee;border-style:solid;border-radius:10px\"><span class=\"advgb-accordion-header-icon\"><svg xmlns=\"http:\/\/www.w3.org\/2000\/svg\" width=\"24\" height=\"24\" viewbox=\"0 0 24 24\"><path fill=\"none\" d=\"M0,0h24v24H0V0z\"><\/path><path d=\"M12,2C6.48,2,2,6.48,2,12s4.48,10,10,10s10-4.48,10-10S17.52,2,12,2z M17,13h-4v4h-2v-4H7v-2h4V7h2v4h4V13z\"><\/path><\/svg><\/span><h4 class=\"advgb-accordion-header-title\" style=\"color:inherit\">1) O QUE \u00c9 NECESS\u00c1RIO PARA SE OBTER A &#8220;LICEN\u00c7A&#8221; DE UM ESTABELECIMENTO NA ADAGRO?<\/h4><\/div><div class=\"advgb-accordion-body\" style=\"border-style:solid !important;border-color:undefined !important;border-top:none !important;border-radius:10px !important\">\n<ul><li>Pr\u00e9-vistoria feita pelos Fiscais Agropecu\u00e1rios;<\/li><li>an\u00e1lise da \u00e1gua de abastecimento quando o estabelecimento for produtor de produtos de origem animal;<\/li><li>entrega de documentos que s\u00e3o solicitados de acordo com a atividade do estabelecimento e<\/li><li>pagamento da taxa de registro.<\/li><\/ul>\n<\/div><\/div>\n<\/div>\n\n\n\n<div class=\"wp-block-advgb-accordions advgb-accordion-wrapper\">\n<div class=\"wp-block-advgb-accordion-item advgb-accordion-item\" style=\"margin-bottom:15px\"><div class=\"advgb-accordion-header\" style=\"background-color:#4a6795;color:#eee;border-style:solid;border-radius:10px\"><span class=\"advgb-accordion-header-icon\"><svg xmlns=\"http:\/\/www.w3.org\/2000\/svg\" width=\"24\" height=\"24\" viewbox=\"0 0 24 24\"><path fill=\"none\" d=\"M0,0h24v24H0V0z\"><\/path><path d=\"M12,2C6.48,2,2,6.48,2,12s4.48,10,10,10s10-4.48,10-10S17.52,2,12,2z M17,13h-4v4h-2v-4H7v-2h4V7h2v4h4V13z\"><\/path><\/svg><\/span><h4 class=\"advgb-accordion-header-title\" style=\"color:inherit\">2) QUAL A VALIDADE DO REGISTRO E QUANTO CUSTA?<\/h4><\/div><div class=\"advgb-accordion-body\" style=\"border-style:solid !important;border-color:undefined !important;border-top:none !important;border-radius:10px !important\">\n<ul><li>A validade \u00e9 de um ano e o valor do registro \u00e9 de R$ 477,95 se o estabelecimento for LTDA e R$ 110,57 se for ME.<\/li><\/ul>\n<\/div><\/div>\n<\/div>\n\n\n\n<div class=\"wp-block-advgb-accordions advgb-accordion-wrapper\">\n<div class=\"wp-block-advgb-accordion-item advgb-accordion-item\" style=\"margin-bottom:15px\"><div class=\"advgb-accordion-header\" style=\"background-color:#4a6795;color:#eee;border-style:solid;border-radius:10px\"><span class=\"advgb-accordion-header-icon\"><svg xmlns=\"http:\/\/www.w3.org\/2000\/svg\" width=\"24\" height=\"24\" viewbox=\"0 0 24 24\"><path fill=\"none\" d=\"M0,0h24v24H0V0z\"><\/path><path d=\"M12,2C6.48,2,2,6.48,2,12s4.48,10,10,10s10-4.48,10-10S17.52,2,12,2z M17,13h-4v4h-2v-4H7v-2h4V7h2v4h4V13z\"><\/path><\/svg><\/span><h4 class=\"advgb-accordion-header-title\" style=\"color:inherit\">3) OS PRODUTOS TAMB\u00c9M PRECISAM SER REGISTRADOS? E O QUE \u00c9 NECESS\u00c1RIO?<\/h4><\/div><div class=\"advgb-accordion-body\" style=\"border-style:solid !important;border-color:undefined !important;border-top:none !important;border-radius:10px !important\">\n<ul><li>Sim precisa, e o estabelecimento produtor tem que apresentar alguns documentos relacionados a produ\u00e7\u00e3o,<\/li><li>ser\u00e1 feita uma coleta de amostras do produto para an\u00e1lise laboratoriais e<\/li><li>ser\u00e1 cobrada uma taxa de registro do produto.<\/li><\/ul>\n<\/div><\/div>\n<\/div>\n\n\n\n<div class=\"wp-block-advgb-accordions advgb-accordion-wrapper\">\n<div class=\"wp-block-advgb-accordion-item advgb-accordion-item\" style=\"margin-bottom:15px\"><div class=\"advgb-accordion-header\" style=\"background-color:#4a6795;color:#eee;border-style:solid;border-radius:10px\"><span class=\"advgb-accordion-header-icon\"><svg xmlns=\"http:\/\/www.w3.org\/2000\/svg\" width=\"24\" height=\"24\" viewbox=\"0 0 24 24\"><path fill=\"none\" d=\"M0,0h24v24H0V0z\"><\/path><path d=\"M12,2C6.48,2,2,6.48,2,12s4.48,10,10,10s10-4.48,10-10S17.52,2,12,2z M17,13h-4v4h-2v-4H7v-2h4V7h2v4h4V13z\"><\/path><\/svg><\/span><h4 class=\"advgb-accordion-header-title\" style=\"color:inherit\">4) COMO \u00c9 FEITA ESSA AN\u00c1LISE LABORATORIAL?<\/h4><\/div><div class=\"advgb-accordion-body\" style=\"border-style:solid !important;border-color:undefined !important;border-top:none !important;border-radius:10px !important\">\n<ul><li>Os fiscais agropecu\u00e1rios da ADAGRO fazem&nbsp; a coleta de amostras dos produtos e da \u00e1gua de abastecimento no local de produ\u00e7\u00e3o,<\/li><li>esse material \u00e9 encaminhado a um laborat\u00f3rio conveniado, e<\/li><li>o estabelecimento se responsabiliza pelo pagamento das an\u00e1lise cujo valor vai depender de acordo com tipo cada de produto.<\/li><\/ul>\n<\/div><\/div>\n<\/div>\n\n\n\n<div class=\"wp-block-advgb-accordions advgb-accordion-wrapper\">\n<div class=\"wp-block-advgb-accordion-item advgb-accordion-item\" style=\"margin-bottom:15px\"><div class=\"advgb-accordion-header\" style=\"background-color:#4a6795;color:#eee;border-style:solid;border-radius:10px\"><span class=\"advgb-accordion-header-icon\"><svg xmlns=\"http:\/\/www.w3.org\/2000\/svg\" width=\"24\" height=\"24\" viewbox=\"0 0 24 24\"><path fill=\"none\" d=\"M0,0h24v24H0V0z\"><\/path><path d=\"M12,2C6.48,2,2,6.48,2,12s4.48,10,10,10s10-4.48,10-10S17.52,2,12,2z M17,13h-4v4h-2v-4H7v-2h4V7h2v4h4V13z\"><\/path><\/svg><\/span><h4 class=\"advgb-accordion-header-title\" style=\"color:inherit\">5) QUAIS OS DOCUMENTOS NECESS\u00c1RIOS PARA O REGISTRO DE UM ESTABELECIMENTO NA ADAGRO?<\/h4><\/div><div class=\"advgb-accordion-body\" style=\"border-style:solid !important;border-color:undefined !important;border-top:none !important;border-radius:10px !important\">\n<ul><li>Depende da atividade do estabelecimento podendo ser:<\/li><li><strong>Estabelecimentos de leite e derivados<\/strong>:\n Requerimento; formul\u00e1rio pr\u00f3prio preenchido pelo t\u00e9cnico da ADAGRO; \nmemorial descritivo de instala\u00e7\u00f5es e equipamentos; memorial econ\u00f4mico &#8211; \nsanit\u00e1rio;documento da constitui\u00e7\u00e3o da sociedade ou contrato social da \nfirma com registro na JUCEPE; CNPJ; inscri\u00e7\u00e3o estadual; registro \nprofissional do t\u00e9cnico respons\u00e1vel; declara\u00e7\u00e3o do respons\u00e1vel t\u00e9cnico; \nplanta baixa de fachada de localiza\u00e7\u00e3o e de cortes longitudinais e \ntransversais, devidamente assinadas por t\u00e9cnico registrado no CREA, \nc\u00f3pias heliogr\u00e1ficas; alvar\u00e1 da prefeitura ou CIM; (zona urbana); \nboletim oficial de exame microbiol\u00f3gico da \u00e1gua de abastecimento:&nbsp; \nan\u00e1lises f\u00edsico-qu\u00edmica e microbiol\u00f3gica; registro no INCRA (zona rural)\n at\u00e9 60 h\u00e1; escritura p\u00fablica (zona rural) acima de 60 h\u00e1; certid\u00e3o ou \ndeclara\u00e7\u00e3o com registro na JUCEPE justificando que \u00e9 microempresa, \nquando for o caso; planta baixa com detalhes de instala\u00e7\u00f5es e \nequipamentos na escala de 1: 100 de acordo com o fluxograma de \nprocessamento &#8211; c\u00f3pia heliogr\u00e1fica; procura\u00e7\u00e3o, quando for o caso; \ncomprovante de recolhimento da taxa de registro inicial de \nestabelecimento atestado sanit\u00e1rio do rebanho \u2013&nbsp;&nbsp;&nbsp;&nbsp;&nbsp;&nbsp;&nbsp;&nbsp;&nbsp;&nbsp;&nbsp; aftosa ( \ncampanha estadual ), tuberculose, brucelose; licen\u00e7a do \u00f3rg\u00e3o ambiental;\n proced\u00eancia da mat\u00e9ria prima; vistoria pr\u00e9via do terreno; an\u00e1lises \nmicrobiol\u00f3gicas e f\u00edsicas qu\u00edmica do produto; atestado m\u00e9dico dos \nfuncion\u00e1rios.<\/li><li><strong>Estabelecimentos de carne e derivados<\/strong>:\n Requerimento; formul\u00e1rio pr\u00f3prio preenchido pelo t\u00e9cnico da ADAGRO; \nmemorial descritivo de instala\u00e7\u00f5es e equipamentos; memorial econ\u00f4mico &#8211; \nsanit\u00e1rio;documento da constitui\u00e7\u00e3o da sociedade ou contrato social da \nfirma com registro na JUCEPE; CNPJ; inscri\u00e7\u00e3o estadual;registro \nprofissional do t\u00e9cnico respons\u00e1vel ( m\u00e9dico veterin\u00e1rio ); planta baixa\n de fachada de localiza\u00e7\u00e3o e de cortes longitudinais e transversais, \ndevidamente assinadas por t\u00e9cnico registrado no CREA. c\u00f3pias \nheliogr\u00e1ficas; alvar\u00e1 da prefeitura; boletim oficial de exame \nmicrobiol\u00f3gico da \u00e1gua de abastecimento se a \u00e1gua entrar na composi\u00e7\u00e3o \ndo produto s\u00e3o exigidos an\u00e1lises f\u00edsico-qu\u00edmica e microbiol\u00f3gica, \ncertid\u00e3o ou declara\u00e7\u00e3o com registro na JUCEPE justificando que \u00e9 micro \nempresa, quando for o caso,planta baixa com detalhes de instala\u00e7\u00f5es e \nequipamentos na escala de 1: 100 de acordo com o fluxograma de \nprocessamento, procura\u00e7\u00e3o, quando for o caso, comprovante de \nrecolhimento da taxa de registro inicial de estabelecimento; licen\u00e7a \nambiental do \u00f3rg\u00e3o competente;&nbsp;&nbsp; proced\u00eancia da mat\u00e9ria prima, \ndeclara\u00e7\u00e3o assinada pelo respons\u00e1vel t\u00e9cnico.<\/li><li>&nbsp;<strong>Estabelecimentos de mel e derivados<\/strong>:\n requerimento;formul\u00e1rio pr\u00f3prio preenchido pelo t\u00e9cnico da ADAGRO; \nmemorial descritivo de instala\u00e7\u00f5es e equipamentos;memorial econ\u00f4mico &#8211; \nsanit\u00e1rio;documento da constitui\u00e7\u00e3o da sociedade ou contrato social da \nfirma com registro na JUCEPE ;CNPJ; inscri\u00e7\u00e3o estadual; registro \nprofissional do t\u00e9cnico respons\u00e1vel; declara\u00e7\u00e3o do respons\u00e1vel \nt\u00e9cnico;planta baixa de fachada de localiza\u00e7\u00e3o e de cortes longitudinais\n e transversais, devidamente assinadas por t\u00e9cnico registrado no CREA; \nc\u00f3pias heliogr\u00e1ficas; alvar\u00e1 da prefeitura, (zona urbana); boletim \noficial de exame microbiol\u00f3gico da \u00e1gua de abastecimento: an\u00e1lises \nf\u00edsico-qu\u00edmicas e microbiol\u00f3gica; certid\u00e3o ou declara\u00e7\u00e3o com registro na\n JUCEPE justificando que \u00e9 micro \u2013 empresa, quando for o caso; registro \nno INCRA (zona rural) at\u00e9 60 h\u00e1; escritura p\u00fablica (zona rural) acima de\n 60 ha; planta baixa com detalhes de instala\u00e7\u00f5es e equipamentos na \nescala de 1: 100, de acordo com o fluxograma de processamento \u2013 c\u00f3pia; \nheliogr\u00e1fica; procura\u00e7\u00e3o, quando for o caso;&nbsp;&nbsp;&nbsp;&nbsp;&nbsp;&nbsp; comprovante de \nrecolhimento da taxa de registro inicial de estabelecimento; proced\u00eancia\n da mat\u00e9ria prima;&nbsp; licen\u00e7a do \u00f3rg\u00e3o ambiental; vistoria pr\u00e9via do \nterreno;an\u00e1lises microbiol\u00f3gica e f\u00edsico qu\u00edmica do \nproduto.&nbsp;&nbsp;&nbsp;&nbsp;&nbsp;&nbsp;&nbsp;&nbsp;&nbsp;&nbsp;&nbsp;&nbsp;&nbsp;&nbsp;&nbsp;&nbsp;&nbsp;&nbsp;&nbsp;&nbsp;&nbsp;&nbsp;&nbsp;&nbsp;&nbsp;&nbsp;&nbsp;&nbsp;&nbsp;&nbsp;&nbsp;&nbsp;&nbsp;&nbsp;&nbsp;&nbsp;&nbsp;&nbsp;&nbsp;&nbsp;&nbsp;&nbsp;&nbsp;&nbsp;&nbsp;&nbsp;&nbsp;&nbsp;&nbsp;&nbsp;&nbsp;&nbsp;&nbsp;&nbsp;&nbsp;&nbsp;&nbsp;&nbsp;&nbsp;&nbsp;&nbsp;&nbsp;&nbsp;&nbsp;&nbsp;&nbsp;&nbsp;&nbsp;&nbsp;&nbsp;&nbsp;&nbsp;&nbsp;&nbsp;&nbsp;&nbsp;&nbsp;&nbsp;&nbsp;&nbsp;&nbsp;&nbsp;&nbsp;&nbsp;&nbsp;&nbsp;&nbsp;&nbsp;&nbsp;&nbsp;&nbsp;&nbsp;&nbsp;&nbsp;&nbsp;&nbsp;&nbsp;&nbsp;&nbsp;&nbsp;&nbsp;\n &nbsp;&nbsp;&nbsp;&nbsp;&nbsp;&nbsp;&nbsp;&nbsp;&nbsp;&nbsp;&nbsp;&nbsp;&nbsp;&nbsp;&nbsp;&nbsp;&nbsp;&nbsp;&nbsp;&nbsp;&nbsp;&nbsp;&nbsp;&nbsp;&nbsp;&nbsp;&nbsp;&nbsp;&nbsp;&nbsp;&nbsp;&nbsp;&nbsp;&nbsp;&nbsp;&nbsp;&nbsp;&nbsp;&nbsp;&nbsp;&nbsp;&nbsp;&nbsp;&nbsp;&nbsp;&nbsp;&nbsp;&nbsp;&nbsp;&nbsp;&nbsp;&nbsp;&nbsp;&nbsp;&nbsp;&nbsp;&nbsp;&nbsp;&nbsp;&nbsp;&nbsp;&nbsp;&nbsp;&nbsp;&nbsp;<\/li><li>&nbsp;<strong>Estabelecimentos de pescados e derivados: <\/strong>Requerimento;\n formul\u00e1rio pr\u00f3prio preenchido pelo t\u00e9cnico da ADAGRO; memorial \ndescritivo de instala\u00e7\u00f5es e equipamentos; memorial econ\u00f4mico &#8211; \nsanit\u00e1rio; documento da constitui\u00e7\u00e3o da sociedade ou contrato social da \nfirma com registro na JUCEPE; CNPJ; inscri\u00e7\u00e3o estadual;registro \nprofissional do t\u00e9cnico respons\u00e1vel; planta baixa de fachada de \nlocaliza\u00e7\u00e3o e de cortes longitudinais e transversais, devidamente \nassinadas por t\u00e9cnico registrado no CREA; alvar\u00e1 da prefeitura;boletim \noficial de exame microbiol\u00f3gico da \u00e1gua de abastecimento: an\u00e1lises \nf\u00edsico-qu\u00edmica e microbiol\u00f3gica, certid\u00e3o ou declara\u00e7\u00e3o com registro na \nJUCEPE justificando que \u00e9 micro empresa, quando for o caso,planta baixa \ncom detalhes de instala\u00e7\u00f5es e equipamentos na escala de&nbsp;&nbsp; 1: 100 de \nacordo com o fluxograma de processamento \u2013 c\u00f3pia heliogr\u00e1fica; \nprocura\u00e7\u00e3o, quando for o caso; comprovante de recolhimento da taxa de \nregistro inicial de&nbsp;&nbsp; estabelecimento; proced\u00eancia da mat\u00e9ria prima, \ndeclara\u00e7\u00e3o assinada pelo respons\u00e1vel t\u00e9cnico; &nbsp;licen\u00e7a no \u00f3rg\u00e3o \nambiental; vistoria pr\u00e9via do terreno; an\u00e1lises f\u00edsico qu\u00edmica e \nmicrobiol\u00f3gica.<\/li><li><strong>Estabelecimentos av\u00edcolas<\/strong>\n :&nbsp; Requerimento; formul\u00e1rio pr\u00f3prio preenchido pelo t\u00e9cnico doa ADAGRO;\n documentos da constitui\u00e7\u00e3o da sociedade ou contrato social da firma com\n &nbsp;registro na JUCEPE; CNPJ\/CPF; inscri\u00e7\u00e3o estadual\/declara\u00e7\u00e3o de \nprodutor rural; boletim oficial de exame microbiol\u00f3gico da \u00e1gua de \nabastecimento e consumo, conforme padr\u00f5es da vigil\u00e2ncia sanit\u00e1ria; \nregistro no INCRA at\u00e9 60 h\u00e1 (itr);&nbsp; escritura p\u00fablica acima de 60 h\u00e1;&nbsp; \ncertid\u00e3o ou declara\u00e7\u00e3o com registro na JUCEPE justificando que \u00e9 me; \nprocura\u00e7\u00e3o quando for o caso; comprovante de recolhimento da taxa de \nregistro; licen\u00e7a do \u00f3rg\u00e3o ambiental; memorial descritivo das medidas \nhigi\u00eanico \u2013 sanit\u00e1rias; manejo adotado, localiza\u00e7\u00e3o e isolamento das \ninstala\u00e7\u00f5es, barreiras naturais, barreiras;fiscais, controle de acesso e\n fluxo de tr\u00e2nsito, cuidados com a ra\u00e7\u00e3o e \u00e1gua, programa de sa\u00fade \nav\u00edcola, plano de conting\u00eancia, plano de&nbsp; capacita\u00e7\u00e3o de pessoal, plano \nde gerenciamento ambiental;&nbsp;&nbsp; anota\u00e7\u00f5es de responsabilidade t\u00e9cnica do \nm\u00e9dico veterin\u00e1rio que realiza o controle higi\u00eanico \u2013 sanit\u00e1rio do \nestabelecimento.<\/li><li><strong>Prestadoras de servi\u00e7os<\/strong>:\n Requerimento; formul\u00e1rio pr\u00f3prio preenchido pelo t\u00e9cnico da \nADAGRO;documento da constitui\u00e7\u00e3o da sociedade ou contrato social da \nfirma com registro na JUCEPE; CNPJ: inscri\u00e7\u00e3o estadual: registro \nprofissional do t\u00e9cnico respons\u00e1vel (veterin\u00e1rio, agr\u00f4nomo, bi\u00f3logo e \nqu\u00edmico); curso dos aplicadores; rela\u00e7\u00e3o dos produtos aplicados; alvar\u00e1 \nda prefeitura; certid\u00e3o ou declara\u00e7\u00e3o com registro na JUCEPE \njustificando que \u00e9 micro empresa, quando for o caso; procura\u00e7\u00e3o, quando \nfor o caso; declara\u00e7\u00e3o assinada pelo t\u00e9cnico respons\u00e1vel comprovante de \nrecolhimento da taxa de registro inicial de estabelecimento; comprovante\n de disponibilidade de local devidamente licenciado pelos \u00f3rg\u00e3os \ncompetentes, para recebimento de embalagens vazias de&nbsp; agrot\u00f3xicos, seus\n componentes afins bem como produtos obsoletos; em desuso ou apreendidos\n pela fiscaliza\u00e7\u00e3o;licen\u00e7a do \u00f3rg\u00e3o ambiental \u2013 CPRH; exame de \ncolinesterase.<\/li><\/ul>\n<\/div><\/div>\n<\/div>\n\n\n\n<div class=\"wp-block-advgb-accordions advgb-accordion-wrapper\">\n<div class=\"wp-block-advgb-accordion-item advgb-accordion-item\" style=\"margin-bottom:15px\"><div class=\"advgb-accordion-header\" style=\"background-color:#4a6795;color:#eee;border-style:solid;border-radius:10px\"><span class=\"advgb-accordion-header-icon\"><svg xmlns=\"http:\/\/www.w3.org\/2000\/svg\" width=\"24\" height=\"24\" viewbox=\"0 0 24 24\"><path fill=\"none\" d=\"M0,0h24v24H0V0z\"><\/path><path d=\"M12,2C6.48,2,2,6.48,2,12s4.48,10,10,10s10-4.48,10-10S17.52,2,12,2z M17,13h-4v4h-2v-4H7v-2h4V7h2v4h4V13z\"><\/path><\/svg><\/span><h4 class=\"advgb-accordion-header-title\" style=\"color:inherit\">6) O QUE \u00c9 NECESS\u00c1RIO PARA A RENOVA\u00c7\u00c3O DO REGISTRO?<\/h4><\/div><div class=\"advgb-accordion-body\" style=\"border-style:solid !important;border-color:undefined !important;border-top:none !important;border-radius:10px !important\">\n<p>Preencher requerimento de renova\u00e7\u00e3o; pagamento de taxa de renova\u00e7\u00e3o do registro, entrega documentos exigidos para renova\u00e7\u00e3o; an\u00e1lise de \u00e1gua e de produtos quando se trata de estabelecimentos produtores de produtos de origem animal; vistoria no estabelecimento pelos fiscais agropecu\u00e1rios da ADAGRO.<\/p>\n<\/div><\/div>\n<\/div>\n\n\n\n<div class=\"wp-block-advgb-accordions advgb-accordion-wrapper\">\n<div class=\"wp-block-advgb-accordion-item advgb-accordion-item\" style=\"margin-bottom:15px\"><div class=\"advgb-accordion-header\" style=\"background-color:#4a6795;color:#eee;border-style:solid;border-radius:10px\"><span class=\"advgb-accordion-header-icon\"><svg xmlns=\"http:\/\/www.w3.org\/2000\/svg\" width=\"24\" height=\"24\" viewbox=\"0 0 24 24\"><path fill=\"none\" d=\"M0,0h24v24H0V0z\"><\/path><path d=\"M12,2C6.48,2,2,6.48,2,12s4.48,10,10,10s10-4.48,10-10S17.52,2,12,2z M17,13h-4v4h-2v-4H7v-2h4V7h2v4h4V13z\"><\/path><\/svg><\/span><h4 class=\"advgb-accordion-header-title\" style=\"color:inherit\">7) ONDE ENCONTRO ESCRIT\u00d3RIO DA ADAGRO? QUAL O TELEFONE?<\/h4><\/div><div class=\"advgb-accordion-body\" style=\"border-style:solid !important;border-color:undefined !important;border-top:none !important;border-radius:10px !important\">\n<p>SEDE DA ADAGRO<br>Avenida Caxang\u00e1, 2200 &#8211; Cordeiro<br>CEP \u2013 50711-000<br>Tel: 3181 4500 \/3181 4515  Fax: 3181 4510<br>adagro@adagro.pe.gov.br<\/p>\n\n\n\n<p>Para mais informa\u00e7\u00f5es <a href=\"http:\/\/www.adagro.pe.gov.br\/web\/adagro\/regionais\" target=\"_blank\" rel=\"noreferrer noopener\" aria-label=\"clique aqui. (abre numa nova aba)\">clique aqui.<\/a><\/p>\n<\/div><\/div>\n<\/div>\n\n\n\n<div class=\"wp-block-advgb-accordions advgb-accordion-wrapper\">\n<div class=\"wp-block-advgb-accordion-item advgb-accordion-item\" style=\"margin-bottom:15px\"><div class=\"advgb-accordion-header\" style=\"background-color:#4a6795;color:#eee;border-style:solid;border-radius:10px\"><span class=\"advgb-accordion-header-icon\"><svg xmlns=\"http:\/\/www.w3.org\/2000\/svg\" width=\"24\" height=\"24\" viewbox=\"0 0 24 24\"><path fill=\"none\" d=\"M0,0h24v24H0V0z\"><\/path><path d=\"M12,2C6.48,2,2,6.48,2,12s4.48,10,10,10s10-4.48,10-10S17.52,2,12,2z M17,13h-4v4h-2v-4H7v-2h4V7h2v4h4V13z\"><\/path><\/svg><\/span><h4 class=\"advgb-accordion-header-title\" style=\"color:inherit\">8) QUAIS S\u00c3O AS VACINAS QUE POSSO USAR PARA PREVINIR A BRUCELOSE EM MEU REBANHO?<\/h4><\/div><div class=\"advgb-accordion-body\" style=\"border-style:solid !important;border-color:undefined !important;border-top:none !important;border-radius:10px !important\">\n<ul><li>As vacinas s\u00e3o a B19, que deve ser utilizada em bezerras  com idade entre 3 e 8 meses, e a RB 51, e pode ser utilizada em bezerras  e vacas adultas que n\u00e3o tenham sido vacinadas com a vacina B19. A  imuniza\u00e7\u00e3o \u00e9 necess\u00e1ria e obrigat\u00f3ria para evitar a dispers\u00e3o e  perpetua\u00e7\u00e3o da enfermidade nos rebanhos, al\u00e9m de garantir leite e  produtos derivados saud\u00e1veis.<\/li><\/ul>\n\n\n\n<p><\/p>\n<\/div><\/div>\n<\/div>\n\n\n\n<div class=\"wp-block-advgb-accordions advgb-accordion-wrapper\">\n<div class=\"wp-block-advgb-accordion-item advgb-accordion-item\" style=\"margin-bottom:15px\"><div class=\"advgb-accordion-header\" style=\"background-color:#4a6795;color:#eee;border-style:solid;border-radius:10px\"><span class=\"advgb-accordion-header-icon\"><svg xmlns=\"http:\/\/www.w3.org\/2000\/svg\" width=\"24\" height=\"24\" viewbox=\"0 0 24 24\"><path fill=\"none\" d=\"M0,0h24v24H0V0z\"><\/path><path d=\"M12,2C6.48,2,2,6.48,2,12s4.48,10,10,10s10-4.48,10-10S17.52,2,12,2z M17,13h-4v4h-2v-4H7v-2h4V7h2v4h4V13z\"><\/path><\/svg><\/span><h4 class=\"advgb-accordion-header-title\" style=\"color:inherit\">9) QUEM PODE APLICAR AS VACINAS CONTRA BRUCELOSE?<\/h4><\/div><div class=\"advgb-accordion-body\" style=\"border-style:solid !important;border-color:undefined !important;border-top:none !important;border-radius:10px !important\">\n<ul><li>O M\u00e9dico Veterin\u00e1rio Cadastrado na Unidade Veterin\u00e1ria Local (Ulsav) do Servi\u00e7o Oficial de Defesa Sanit\u00e1ria Animal, ou um vacinador treinado e supervisionado por esse m\u00e9dico veterin\u00e1rio. Onde n\u00e3o houver m\u00e9dicos veterin\u00e1rios cadastrados, ou em regi\u00f5es onde eles n\u00e3o atenderem plenamente \u00e0 demanda do Programa Nacional de Controle e Erradica\u00e7\u00e3o da Brucelose e Tuberculose, o Servi\u00e7o Oficial de Defesa Sanit\u00e1ria animal poder\u00e1 assumir a responsabilidade t\u00e9cnica ou, mesmo, a execu\u00e7\u00e3o da vacina\u00e7\u00e3o.<\/li><\/ul>\n<\/div><\/div>\n<\/div>\n\n\n\n<div class=\"wp-block-advgb-accordions advgb-accordion-wrapper\">\n<div class=\"wp-block-advgb-accordion-item advgb-accordion-item\" style=\"margin-bottom:15px\"><div class=\"advgb-accordion-header\" style=\"background-color:#4a6795;color:#eee;border-style:solid;border-radius:10px\"><span class=\"advgb-accordion-header-icon\"><svg xmlns=\"http:\/\/www.w3.org\/2000\/svg\" width=\"24\" height=\"24\" viewbox=\"0 0 24 24\"><path fill=\"none\" d=\"M0,0h24v24H0V0z\"><\/path><path d=\"M12,2C6.48,2,2,6.48,2,12s4.48,10,10,10s10-4.48,10-10S17.52,2,12,2z M17,13h-4v4h-2v-4H7v-2h4V7h2v4h4V13z\"><\/path><\/svg><\/span><h4 class=\"advgb-accordion-header-title\" style=\"color:inherit\">10) ONDE E COMO ADQUIRIR A VACINA CONTRA BRUCELOSE?<\/h4><\/div><div class=\"advgb-accordion-body\" style=\"border-style:solid !important;border-color:undefined !important;border-top:none !important;border-radius:10px !important\">\n<ul><li>Em estabelecimentos comerciais de produtos de uso veterin\u00e1rio, registrados no servi\u00e7o oficial de defesa sanit\u00e1ria animal. \u00c9 OBRIGAT\u00d3RIA a apresenta\u00e7\u00e3o de receita emitida por m\u00e9dico veterin\u00e1rio CADASTRADO na ADAGRO ou por m\u00e9dico veterin\u00e1rio oficial (ADAGRO), nos casos em que estes assumirem a responsabilidade direta pela vacina\u00e7\u00e3o.<\/li><\/ul>\n<\/div><\/div>\n<\/div>\n\n\n\n<div class=\"wp-block-advgb-accordions advgb-accordion-wrapper\">\n<div class=\"wp-block-advgb-accordion-item advgb-accordion-item\" style=\"margin-bottom:15px\"><div class=\"advgb-accordion-header\" style=\"background-color:#4a6795;color:#eee;border-style:solid;border-radius:10px\"><span class=\"advgb-accordion-header-icon\"><svg xmlns=\"http:\/\/www.w3.org\/2000\/svg\" width=\"24\" height=\"24\" viewbox=\"0 0 24 24\"><path fill=\"none\" d=\"M0,0h24v24H0V0z\"><\/path><path d=\"M12,2C6.48,2,2,6.48,2,12s4.48,10,10,10s10-4.48,10-10S17.52,2,12,2z M17,13h-4v4h-2v-4H7v-2h4V7h2v4h4V13z\"><\/path><\/svg><\/span><h4 class=\"advgb-accordion-header-title\" style=\"color:inherit\">11) COMO CONSERVAR A VACINA CONTRA BRUCELOSE?<\/h4><\/div><div class=\"advgb-accordion-body\" style=\"border-style:solid !important;border-color:undefined !important;border-top:none !important;border-radius:10px !important\">\n<ul><li>Deve ser mantida sob refrigera\u00e7\u00e3o, em temperatura entre 2\u00baC e \n8\u00baC, e ao abrigo do sol, inclusive durante o processo de vacina\u00e7\u00e3o das \nbezerras. Ao ser reconstituida na forma l\u00edquida, a vacina deve ser \nimediatamente aplicada e N\u00c3O pode ser utilizada posteriormente.<\/li><\/ul>\n<\/div><\/div>\n<\/div>\n\n\n\n<div class=\"wp-block-advgb-accordions advgb-accordion-wrapper\">\n<div class=\"wp-block-advgb-accordion-item advgb-accordion-item\" style=\"margin-bottom:15px\"><div class=\"advgb-accordion-header\" style=\"background-color:#4a6795;color:#eee;border-style:solid;border-radius:10px\"><span class=\"advgb-accordion-header-icon\"><svg xmlns=\"http:\/\/www.w3.org\/2000\/svg\" width=\"24\" height=\"24\" viewbox=\"0 0 24 24\"><path fill=\"none\" d=\"M0,0h24v24H0V0z\"><\/path><path d=\"M12,2C6.48,2,2,6.48,2,12s4.48,10,10,10s10-4.48,10-10S17.52,2,12,2z M17,13h-4v4h-2v-4H7v-2h4V7h2v4h4V13z\"><\/path><\/svg><\/span><h4 class=\"advgb-accordion-header-title\" style=\"color:inherit\">12) COMO COMPROVAR A VACINA\u00c7\u00c3O CONTRA BRUCELOSE?<\/h4><\/div><div class=\"advgb-accordion-body\" style=\"border-style:solid !important;border-color:undefined !important;border-top:none !important;border-radius:10px !important\">\n<ul><li>Por meio de atestado, emitido pelo m\u00e9dico veterin\u00e1rio cadastrado respons\u00e1vel pela vacina\u00e7\u00e3o. O atestado dever\u00e1 ser encaminhado pelo propriet\u00e1rio \u00e0 ULSAV onde a propriedade est\u00e1 cadastrada. \u00c9 OBRIGAT\u00d3RIA a comprova\u00e7\u00e3o da vacina\u00e7\u00e3o de bezerras, no m\u00ednimo, uma vez por semestre.<\/li><\/ul>\n<\/div><\/div>\n<\/div>\n<style class=\"advgb-styles-renderer\">#kt-info-box_36c228-f9 .kt-blocks-info-box-link-wrap {border-color:rgba(136, 136, 136, 1);border-radius:20px;background:rgba(255, 255, 255, 1);padding:20px 20px 20px 20px;border-width:2px 2px 2px 2px;}#kt-info-box_36c228-f9 .kt-blocks-info-box-link-wrap:hover {border-color:rgba(136, 136, 136, 1);background:rgba(255, 255, 255, 1);}#kt-info-box_36c228-f9 .kt-info-svg-icon, #kt-info-box_36c228-f9 .kt-blocks-info-box-number {font-size:50px;}#kt-info-box_36c228-f9 .kt-blocks-info-box-media {color:#ffffff;background:#555555;border-color:#444444;border-radius:200px;border-width:0px 0px 0px 0px;padding:20px 20px 20px 20px;margin:0px 15px 0px 15px;}#kt-info-box_36c228-f9 .kt-blocks-info-box-media img {border-radius:200px;}#kt-info-box_36c228-f9 .kt-blocks-info-box-link-wrap:hover .kt-blocks-info-box-media {color:#ffffff;background:#444444;border-color:#444444;}#kt-info-box_36c228-f9 .kt-blocks-info-box-title {padding:0px 0px 0px 0px;margin:5px 0px 10px 0px;}#kt-info-box_36c228-f9 .kt-blocks-info-box-text {}#kt-info-box_36c228-f9 .kt-blocks-info-box-link-wrap:hover {box-shadow:0px 0px 14px 0px rgba(0,0,0,0.2);}<\/style>","protected":false},"excerpt":{"rendered":"","protected":false},"author":4,"featured_media":0,"parent":0,"menu_order":0,"comment_status":"closed","ping_status":"closed","template":"","meta":{"advgb_blocks_editor_width":"","advgb_blocks_columns_visual_guide":"","kt_blocks_editor_width":""},"featured_image_urls":{"full":"","thumbnail":"","medium":"","medium_large":"","large":"","1536x1536":"","2048x2048":""},"post_excerpt_stackable":"<p>O que h\u00e1 nesta p\u00e1gina!Nesta se\u00e7\u00e3o s\u00e3o divulgadas as perguntas frequentes sobre o \u00f3rg\u00e3o\/entidade e as a\u00e7\u00f5es no \u00e2mbito de sua compet\u00eancia. 1) O QUE \u00c9 NECESS\u00c1RIO PARA SE OBTER A &#8220;LICEN\u00c7A&#8221; DE UM ESTABELECIMENTO NA ADAGRO? Pr\u00e9-vistoria feita pelos Fiscais Agropecu\u00e1rios;an\u00e1lise da \u00e1gua de abastecimento quando o estabelecimento for produtor de produtos de origem animal;entrega de documentos que s\u00e3o solicitados de acordo com a atividade do estabelecimento epagamento da taxa de registro. 2) QUAL A VALIDADE DO REGISTRO E QUANTO CUSTA? A validade \u00e9 de um ano e o valor do registro \u00e9 de R$ 477,95 se o estabelecimento&hellip;<\/p>\n","category_list":"","author_info":{"name":"Admin","url":"https:\/\/www.lai.pe.gov.br\/adagro\/author\/admintemp\/"},"comments_num":"0 coment\u00e1rio","_links":{"self":[{"href":"https:\/\/www.lai.pe.gov.br\/adagro\/wp-json\/wp\/v2\/pages\/183"}],"collection":[{"href":"https:\/\/www.lai.pe.gov.br\/adagro\/wp-json\/wp\/v2\/pages"}],"about":[{"href":"https:\/\/www.lai.pe.gov.br\/adagro\/wp-json\/wp\/v2\/types\/page"}],"author":[{"embeddable":true,"href":"https:\/\/www.lai.pe.gov.br\/adagro\/wp-json\/wp\/v2\/users\/4"}],"replies":[{"embeddable":true,"href":"https:\/\/www.lai.pe.gov.br\/adagro\/wp-json\/wp\/v2\/comments?post=183"}],"version-history":[{"count":24,"href":"https:\/\/www.lai.pe.gov.br\/adagro\/wp-json\/wp\/v2\/pages\/183\/revisions"}],"predecessor-version":[{"id":1978,"href":"https:\/\/www.lai.pe.gov.br\/adagro\/wp-json\/wp\/v2\/pages\/183\/revisions\/1978"}],"wp:attachment":[{"href":"https:\/\/www.lai.pe.gov.br\/adagro\/wp-json\/wp\/v2\/media?parent=183"}],"curies":[{"name":"wp","href":"https:\/\/api.w.org\/{rel}","templated":true}]}}